{"id":36,"date":"2024-03-05T20:59:40","date_gmt":"2024-03-05T19:59:40","guid":{"rendered":"https:\/\/contrust-2132.demosrv.dev\/?page_id=36"},"modified":"2025-10-20T17:32:18","modified_gmt":"2025-10-20T15:32:18","slug":"home","status":"publish","type":"page","link":"https:\/\/normativeorders.net\/en\/","title":{"rendered":"Home"},"content":{"rendered":"    <section class=\"hero\">\n        <div class=\"hero-slider-wrap\">\n            <div class=\"hero-slider swiper\">\n                <div class=\"swiper-wrapper\">\n                                            <div class=\"swiper-slide\" >\n                            <div class=\"container\">\n                                                                                                    <div class=\"box-img\">\n                                        <img decoding=\"async\" src=\"https:\/\/normativeorders.net\/wp-content\/uploads\/2024\/12\/Foto-ExNo-Gebaeude-7-scaled.jpg\" class=\"attachment-full size-full\" alt=\"\" srcset=\"https:\/\/normativeorders.net\/wp-content\/uploads\/2024\/12\/Foto-ExNo-Gebaeude-7-scaled.jpg 2560w, https:\/\/normativeorders.net\/wp-content\/uploads\/2024\/12\/Foto-ExNo-Gebaeude-7-300x200.jpg 300w, https:\/\/normativeorders.net\/wp-content\/uploads\/2024\/12\/Foto-ExNo-Gebaeude-7-1024x683.jpg 1024w, https:\/\/normativeorders.net\/wp-content\/uploads\/2024\/12\/Foto-ExNo-Gebaeude-7-768x512.jpg 768w, https:\/\/normativeorders.net\/wp-content\/uploads\/2024\/12\/Foto-ExNo-Gebaeude-7-1536x1024.jpg 1536w, https:\/\/normativeorders.net\/wp-content\/uploads\/2024\/12\/Foto-ExNo-Gebaeude-7-2048x1365.jpg 2048w\" sizes=\"(max-width: 2560px) 100vw, 2560px\" \/>                                    <\/div>\n                                                                                            <\/div>\n                        <\/div>\n                                            <div class=\"swiper-slide\" >\n                            <div class=\"container\">\n                                                                                                    <div class=\"box-img\">\n                                        <img decoding=\"async\" src=\"https:\/\/normativeorders.net\/wp-content\/uploads\/2025\/03\/Habermas-096-scaled.jpg\" class=\"attachment-full size-full\" alt=\"\" srcset=\"https:\/\/normativeorders.net\/wp-content\/uploads\/2025\/03\/Habermas-096-scaled.jpg 2560w, https:\/\/normativeorders.net\/wp-content\/uploads\/2025\/03\/Habermas-096-300x200.jpg 300w, https:\/\/normativeorders.net\/wp-content\/uploads\/2025\/03\/Habermas-096-1024x683.jpg 1024w, https:\/\/normativeorders.net\/wp-content\/uploads\/2025\/03\/Habermas-096-768x512.jpg 768w, https:\/\/normativeorders.net\/wp-content\/uploads\/2025\/03\/Habermas-096-1536x1024.jpg 1536w, https:\/\/normativeorders.net\/wp-content\/uploads\/2025\/03\/Habermas-096-2048x1365.jpg 2048w\" sizes=\"(max-width: 2560px) 100vw, 2560px\" \/>                                    <\/div>\n                                                                                            <\/div>\n                        <\/div>\n                                            <div class=\"swiper-slide\" >\n                            <div class=\"container\">\n                                                                                                    <div class=\"box-img\">\n                                        <img decoding=\"async\" src=\"https:\/\/normativeorders.net\/wp-content\/uploads\/2024\/12\/DSC_6550.jpg\" class=\"attachment-full size-full\" alt=\"\" srcset=\"https:\/\/normativeorders.net\/wp-content\/uploads\/2024\/12\/DSC_6550.jpg 2500w, https:\/\/normativeorders.net\/wp-content\/uploads\/2024\/12\/DSC_6550-300x206.jpg 300w, https:\/\/normativeorders.net\/wp-content\/uploads\/2024\/12\/DSC_6550-1024x704.jpg 1024w, https:\/\/normativeorders.net\/wp-content\/uploads\/2024\/12\/DSC_6550-768x528.jpg 768w, https:\/\/normativeorders.net\/wp-content\/uploads\/2024\/12\/DSC_6550-1536x1056.jpg 1536w, https:\/\/normativeorders.net\/wp-content\/uploads\/2024\/12\/DSC_6550-2048x1408.jpg 2048w\" sizes=\"(max-width: 2500px) 100vw, 2500px\" \/>                                    <\/div>\n                                                                                            <\/div>\n                        <\/div>\n                                            <div class=\"swiper-slide\" >\n                            <div class=\"container\">\n                                                                                                    <div class=\"box-img\">\n                                        <img decoding=\"async\" src=\"https:\/\/normativeorders.net\/wp-content\/uploads\/2025\/06\/P1023403-bearb-scaled.jpg\" class=\"attachment-full size-full\" alt=\"\" srcset=\"https:\/\/normativeorders.net\/wp-content\/uploads\/2025\/06\/P1023403-bearb-scaled.jpg 2560w, https:\/\/normativeorders.net\/wp-content\/uploads\/2025\/06\/P1023403-bearb-300x200.jpg 300w, https:\/\/normativeorders.net\/wp-content\/uploads\/2025\/06\/P1023403-bearb-1024x683.jpg 1024w, https:\/\/normativeorders.net\/wp-content\/uploads\/2025\/06\/P1023403-bearb-768x512.jpg 768w, https:\/\/normativeorders.net\/wp-content\/uploads\/2025\/06\/P1023403-bearb-1536x1024.jpg 1536w, https:\/\/normativeorders.net\/wp-content\/uploads\/2025\/06\/P1023403-bearb-2048x1365.jpg 2048w\" sizes=\"(max-width: 2560px) 100vw, 2560px\" \/>                                    <\/div>\n                                                                                            <\/div>\n                        <\/div>\n                                            <div class=\"swiper-slide\" >\n                            <div class=\"container\">\n                                                                                                    <div class=\"box-img\">\n                                        <img decoding=\"async\" src=\"https:\/\/normativeorders.net\/wp-content\/uploads\/2025\/03\/hmwk-konferenz-demokratischer-zusammenhalt-ben-kilb-66-scaled.jpg\" class=\"attachment-full size-full\" alt=\"\" srcset=\"https:\/\/normativeorders.net\/wp-content\/uploads\/2025\/03\/hmwk-konferenz-demokratischer-zusammenhalt-ben-kilb-66-scaled.jpg 2560w, https:\/\/normativeorders.net\/wp-content\/uploads\/2025\/03\/hmwk-konferenz-demokratischer-zusammenhalt-ben-kilb-66-300x200.jpg 300w, https:\/\/normativeorders.net\/wp-content\/uploads\/2025\/03\/hmwk-konferenz-demokratischer-zusammenhalt-ben-kilb-66-1024x683.jpg 1024w, https:\/\/normativeorders.net\/wp-content\/uploads\/2025\/03\/hmwk-konferenz-demokratischer-zusammenhalt-ben-kilb-66-768x512.jpg 768w, https:\/\/normativeorders.net\/wp-content\/uploads\/2025\/03\/hmwk-konferenz-demokratischer-zusammenhalt-ben-kilb-66-1536x1024.jpg 1536w, https:\/\/normativeorders.net\/wp-content\/uploads\/2025\/03\/hmwk-konferenz-demokratischer-zusammenhalt-ben-kilb-66-2048x1366.jpg 2048w\" sizes=\"(max-width: 2560px) 100vw, 2560px\" \/>                                    <\/div>\n                                                                                            <\/div>\n                        <\/div>\n                                            <div class=\"swiper-slide\" >\n                            <div class=\"container\">\n                                                                                                    <div class=\"box-img\">\n                                        <img decoding=\"async\" src=\"https:\/\/normativeorders.net\/wp-content\/uploads\/2025\/06\/Rebecca-Paulskirche_Podium_1-217-bearb-scaled.jpg\" class=\"attachment-full size-full\" alt=\"\" srcset=\"https:\/\/normativeorders.net\/wp-content\/uploads\/2025\/06\/Rebecca-Paulskirche_Podium_1-217-bearb-scaled.jpg 2560w, https:\/\/normativeorders.net\/wp-content\/uploads\/2025\/06\/Rebecca-Paulskirche_Podium_1-217-bearb-300x183.jpg 300w, https:\/\/normativeorders.net\/wp-content\/uploads\/2025\/06\/Rebecca-Paulskirche_Podium_1-217-bearb-1024x624.jpg 1024w, https:\/\/normativeorders.net\/wp-content\/uploads\/2025\/06\/Rebecca-Paulskirche_Podium_1-217-bearb-768x468.jpg 768w, https:\/\/normativeorders.net\/wp-content\/uploads\/2025\/06\/Rebecca-Paulskirche_Podium_1-217-bearb-1536x936.jpg 1536w, https:\/\/normativeorders.net\/wp-content\/uploads\/2025\/06\/Rebecca-Paulskirche_Podium_1-217-bearb-2048x1248.jpg 2048w\" sizes=\"(max-width: 2560px) 100vw, 2560px\" \/>                                    <\/div>\n                                                                                            <\/div>\n                        <\/div>\n                                            <div class=\"swiper-slide\" >\n                            <div class=\"container\">\n                                                                                                    <div class=\"box-img\">\n                                        <img decoding=\"async\" src=\"https:\/\/normativeorders.net\/wp-content\/uploads\/2025\/03\/hmwk-konferenz-demokratischer-zusammenhalt-ben-kilb-42-scaled.jpg\" class=\"attachment-full size-full\" alt=\"\" srcset=\"https:\/\/normativeorders.net\/wp-content\/uploads\/2025\/03\/hmwk-konferenz-demokratischer-zusammenhalt-ben-kilb-42-scaled.jpg 2560w, https:\/\/normativeorders.net\/wp-content\/uploads\/2025\/03\/hmwk-konferenz-demokratischer-zusammenhalt-ben-kilb-42-300x200.jpg 300w, https:\/\/normativeorders.net\/wp-content\/uploads\/2025\/03\/hmwk-konferenz-demokratischer-zusammenhalt-ben-kilb-42-1024x683.jpg 1024w, https:\/\/normativeorders.net\/wp-content\/uploads\/2025\/03\/hmwk-konferenz-demokratischer-zusammenhalt-ben-kilb-42-768x512.jpg 768w, https:\/\/normativeorders.net\/wp-content\/uploads\/2025\/03\/hmwk-konferenz-demokratischer-zusammenhalt-ben-kilb-42-1536x1024.jpg 1536w, https:\/\/normativeorders.net\/wp-content\/uploads\/2025\/03\/hmwk-konferenz-demokratischer-zusammenhalt-ben-kilb-42-2048x1366.jpg 2048w\" sizes=\"(max-width: 2560px) 100vw, 2560px\" \/>                                    <\/div>\n                                                                                            <\/div>\n                        <\/div>\n                                            <div class=\"swiper-slide\" >\n                            <div class=\"container\">\n                                                                                                    <div class=\"box-img\">\n                                        <img decoding=\"async\" src=\"https:\/\/normativeorders.net\/wp-content\/uploads\/2025\/06\/Benhabib-scaled.jpg\" class=\"attachment-full size-full\" alt=\"\" srcset=\"https:\/\/normativeorders.net\/wp-content\/uploads\/2025\/06\/Benhabib-scaled.jpg 2560w, https:\/\/normativeorders.net\/wp-content\/uploads\/2025\/06\/Benhabib-300x225.jpg 300w, https:\/\/normativeorders.net\/wp-content\/uploads\/2025\/06\/Benhabib-1024x768.jpg 1024w, https:\/\/normativeorders.net\/wp-content\/uploads\/2025\/06\/Benhabib-768x576.jpg 768w, https:\/\/normativeorders.net\/wp-content\/uploads\/2025\/06\/Benhabib-1536x1152.jpg 1536w, https:\/\/normativeorders.net\/wp-content\/uploads\/2025\/06\/Benhabib-2048x1536.jpg 2048w\" sizes=\"(max-width: 2560px) 100vw, 2560px\" \/>                                    <\/div>\n                                                                                            <\/div>\n                        <\/div>\n                                            <div class=\"swiper-slide\" >\n                            <div class=\"container\">\n                                                                                                    <div class=\"box-img\">\n                                        <img decoding=\"async\" src=\"https:\/\/normativeorders.net\/wp-content\/uploads\/2025\/03\/Konferenz_3445-copy-scaled.jpg\" class=\"attachment-full size-full\" alt=\"\" srcset=\"https:\/\/normativeorders.net\/wp-content\/uploads\/2025\/03\/Konferenz_3445-copy-scaled.jpg 2560w, https:\/\/normativeorders.net\/wp-content\/uploads\/2025\/03\/Konferenz_3445-copy-300x200.jpg 300w, https:\/\/normativeorders.net\/wp-content\/uploads\/2025\/03\/Konferenz_3445-copy-1024x683.jpg 1024w, https:\/\/normativeorders.net\/wp-content\/uploads\/2025\/03\/Konferenz_3445-copy-768x512.jpg 768w, https:\/\/normativeorders.net\/wp-content\/uploads\/2025\/03\/Konferenz_3445-copy-1536x1024.jpg 1536w, https:\/\/normativeorders.net\/wp-content\/uploads\/2025\/03\/Konferenz_3445-copy-2048x1365.jpg 2048w\" sizes=\"(max-width: 2560px) 100vw, 2560px\" \/>                                    <\/div>\n                                                                                            <\/div>\n                        <\/div>\n                                    <\/div>\n                <div class=\"swiper-pagination\"><\/div>\n            <\/div>\n        <\/div>\n    <\/section>\n\n\n            \n        <section class=\"masonry-news\">\n            <div class=\"container\">\n                                <div class=\"block-filter-wrap\">\n                    <div class=\"block-filter\" data-numberposts=\"9\" data-page=\"\">\n                        <a class=\"box-category active js-filter-news\" href=\"#\" data-type=\"all\">All<\/a>\n                        <a class=\"box-category js-filter-news\" href=\"#\" data-type=\"tribe_events\">Event<\/a>\n                        <a class=\"box-category js-filter-news\" href=\"#\" data-type=\"publikation\">Publication<\/a>\n                        <a class=\"box-category js-filter-news\" href=\"#\" data-type=\"news\">News<\/a>\n                    <\/div>\n                <\/div>\n\n                \n<div class=\"grid-news\">\n    <div class=\"grid-sizer\"><\/div>\n                <div class=\"grid-item\">\n                \n<div class=\"box-card\">\n                <div class=\"box-category box-category--veranstaltung\">Event<\/div>\n                        <div class=\"box-date\">25.\/26.06.2026 | Frankfurt<\/div>\n            <h3><a href=\"https:\/\/normativeorders.net\/en\/veranstaltungen\/shifting-regimes-changing-orders\/\">Shifting Regimes, Changing Orders<\/a><\/h3>\n                            <div class=\"box-type\">Konferenz<\/div>\n                                        <p>Conference as part of WDC2026 in collaboration with Deutsche Gesellschaft f\u00fcr Designtheorie und -forschung (DGTF), Kunstgewerbemuseum\/Design Campus SKD and Design and Democracy<\/p>\n                        \n    <a class=\"box-link\" href=\"https:\/\/normativeorders.net\/en\/veranstaltungen\/shifting-regimes-changing-orders\/\">more information \u203a<\/a>\n<\/div>\n            <\/div>\n                    <div class=\"grid-item\">\n                \n<div class=\"box-card\">\n                <div class=\"box-category box-category--veranstaltung\">Event<\/div>\n                        <div class=\"box-date\">04.05.2026 | Frankfurt<\/div>\n            <h3><a href=\"https:\/\/normativeorders.net\/en\/veranstaltungen\/meinungsfreiheit-meinungsvielfalt-und-verantwortung-fuer-die-demokratie-wie-gestalten-medien-neue-raeume-fuer-debatten-und-teilhabe\/\">Meinungsfreiheit, Meinungsvielfalt und Verantwortung f\u00fcr die Demokratie: Wie gestalten Medien neue R\u00e4ume f\u00fcr Debatten und Teilhabe?<\/a><\/h3>\n                            <div class=\"box-type\">Podiumsdiskussion<\/div>\n                                        <p>Im Rahmen der Woche der Meinungsfreiheit 2026 laden die World Design Capital Frankfurt RheinMain 2026 in Kooperation mit dem B\u00f6rsenverein des Deutschen Buchhandels, dem Hessischen Rundfunk, der Stiftung Polytechnische Gesellschaft und dem Forschungszentrum Normative Ordnungen der Goethe-Universit\u00e4t herzlich zu einer Diskussionsveranstaltung am 4. Mai 2026 in den WDC-Hub im Museum Angewandte Kunst Frankfurt ein.<\/p>\n                        \n    <a class=\"box-link\" href=\"https:\/\/normativeorders.net\/en\/veranstaltungen\/meinungsfreiheit-meinungsvielfalt-und-verantwortung-fuer-die-demokratie-wie-gestalten-medien-neue-raeume-fuer-debatten-und-teilhabe\/\">more information \u203a<\/a>\n<\/div>\n            <\/div>\n                    <div class=\"grid-item\">\n                \n<div class=\"box-card\">\n                <div class=\"box-category box-category--veranstaltung\">Event<\/div>\n                        <div class=\"box-date\">29.04.2026 | Frankfurt am Main<\/div>\n            <h3><a href=\"https:\/\/normativeorders.net\/en\/veranstaltungen\/kulturindustrie-heute\/\">Kulturindustrie heute?<\/a><\/h3>\n                            <div class=\"box-type\">Podiumsdiskussion<\/div>\n                                        <p>Das Gespr\u00e4ch \u201eKulturindustrie heute?\u201c widmet sich der Aktualit\u00e4t und Tragf\u00e4higkeit eines zentralen Begriffs der Kritischen Theorie. Die Filmwissenschaftlerin Gertrud Koch diskutiert im Rahmen der Gespr\u00e4chsreihe &#8220;Frankfurter Schule&#8221; mit dem Filmkritiker Bert Rebhandl die gegenw\u00e4rtigen Formen kultureller Produktion und Verbreitung vor dem Hintergrund von Digitalisierung, Plattformen und globalen Medienm\u00e4rkten.<\/p>\n                        \n    <a class=\"box-link\" href=\"https:\/\/normativeorders.net\/en\/veranstaltungen\/kulturindustrie-heute\/\">more information \u203a<\/a>\n<\/div>\n            <\/div>\n                    <div class=\"grid-item\">\n                \n<div class=\"box-card\">\n                <div class=\"box-category box-category--veranstaltung\">Event<\/div>\n                        <div class=\"box-date\">12.05.2026 | Frankfurt am Main<\/div>\n            <h3><a href=\"https:\/\/normativeorders.net\/en\/veranstaltungen\/zwischen-transformation-und-abolitionismus\/\">Zwischen Transformation und Abolitionismus<\/a><\/h3>\n                            <div class=\"box-type\">Buchvorstellung<\/div>\n                                        <p>Buchvorstellung mit Christine Graebsch, Katrin H\u00f6ffler, Jochen Bung &#038; Ronen Steinke<\/p>\n                        \n    <a class=\"box-link\" href=\"https:\/\/normativeorders.net\/en\/veranstaltungen\/zwischen-transformation-und-abolitionismus\/\">more information \u203a<\/a>\n<\/div>\n            <\/div>\n                    <div class=\"grid-item\">\n                \n<div class=\"box-card\">\n                <div class=\"box-category box-category--veranstaltung\">Event<\/div>\n                        <div class=\"box-date\">28.\/29.05.2026 | Frankfurt am Main<\/div>\n            <h3><a href=\"https:\/\/normativeorders.net\/en\/veranstaltungen\/global-health-justice-principles-and-practice\/\">Global Health Justice: Principles and Practice<\/a><\/h3>\n                            <div class=\"box-type\">Konferenz<\/div>\n                                        <p>Following the research focus of the Global Health Justice Postdoctoral Programme, funded by H\u00f6ppsche Stiftung, the &#8220;Global Health Justice: Principles and Practice&#8221; conference places a particular emphasis on themes such as the human right to health, political activism and health justice issues, and problems of structural injustice and vulnerable populations in health care.\u00a0Keynote lectures by Jonathan Wolff and Kanchana Mahadevan. The Global Health Justice Programme and this conference are supported by the H\u00f6ppsche Stiftung in Villmar.<\/p>\n                        \n    <a class=\"box-link\" href=\"https:\/\/normativeorders.net\/en\/veranstaltungen\/global-health-justice-principles-and-practice\/\">more information \u203a<\/a>\n<\/div>\n            <\/div>\n                    <div class=\"grid-item\">\n                \n<div class=\"box-card\">\n                <div class=\"box-category box-category--veranstaltung\">Event<\/div>\n                        <div class=\"box-date\">21.05.2026 | Frankfurt am Main<\/div>\n            <h3><a href=\"https:\/\/normativeorders.net\/en\/veranstaltungen\/angst-und-misstrauen-in-krisenzeiten\/\">Angst und Misstrauen in Krisenzeiten<\/a><\/h3>\n                            <div class=\"box-type\">Vortrag<\/div>\n                                        <p>Vortrag von Prof. Dr. Vera King (Professorin f\u00fcr Soziologie und psychoanalytische Sozialpsychologie, Direktorin des Sigmund-Freud-Instituts Frankfurt, Forschungszentrum Normative Ordnungen der Goethe-Universit\u00e4t Frankfurt a.M.) im Rahmen der partizipativen Redenreihe &#8220;DenkArt_ Im Schmelztiegel der Angst&#8221;.<\/p>\n                        \n    <a class=\"box-link\" href=\"https:\/\/normativeorders.net\/en\/veranstaltungen\/angst-und-misstrauen-in-krisenzeiten\/\">more information \u203a<\/a>\n<\/div>\n            <\/div>\n                    <div class=\"grid-item\">\n                \n<div class=\"box-card\">\n                <div class=\"box-category box-category--publikation\">Publication<\/div>\n                        <div class=\"box-date\">11.03.2026 | Buchkapitel<\/div>\n            <h3><a href=\"https:\/\/normativeorders.net\/en\/publikation\/von-poujade-ueber-berlusconi-zu-trump-eine-genealogie-des-libertaeren-patrimonialismus\/\">Von Poujade \u00fcber Berlusconi zu Trump. Eine Genealogie des libert\u00e4ren Patrimonialismus<\/a><\/h3>\n                            <p>Biebricher, Thomas (2026): \u201eVon Poujade \u00fcber Berlusconi zu Trump. Eine Genealogie des libert\u00e4ren Patrimonialismus\u201c. In: Geiselberger, Heinrich (Hrsg.): Oben rechts. Rechtspopulismus als Klassenprojekt, Suhrkamp, S. 103-144.<\/p>\n                        \n    <a class=\"box-link\" href=\"https:\/\/normativeorders.net\/en\/publikation\/von-poujade-ueber-berlusconi-zu-trump-eine-genealogie-des-libertaeren-patrimonialismus\/\">more information \u203a<\/a>\n<\/div>\n            <\/div>\n                    <div class=\"grid-item\">\n                \n<div class=\"box-card\">\n                <div class=\"box-category box-category--publikation\">Publication<\/div>\n                        <div class=\"box-date\">03.03.2026 | Monographie<\/div>\n            <h3><a href=\"https:\/\/normativeorders.net\/en\/publikation\/ausserjuridisches-in-massstaeben-des-bundesverfassungsgerichts\/\">Au\u00dferjuridisches in Ma\u00dfst\u00e4ben des Bundesverfassungsgerichts<\/a><\/h3>\n                            <p>Britz, Gabriele (2026): \u201eAu\u00dferjuridisches in Ma\u00dfst\u00e4ben des Bundesverfassungsgerichts. Mechanik, Legitimation und Empiriebedarf tatsachengepr\u00e4gter Verfassungsentwicklung\u201c. Mohr Siebeck.<\/p>\n                        \n    <a class=\"box-link\" href=\"https:\/\/normativeorders.net\/en\/publikation\/ausserjuridisches-in-massstaeben-des-bundesverfassungsgerichts\/\">more information \u203a<\/a>\n<\/div>\n            <\/div>\n                    <div class=\"grid-item\">\n                \n<div class=\"box-card\">\n                <div class=\"box-category box-category--publikation\">Publication<\/div>\n                        <div class=\"box-date\">15.02.2026 | Zeitschriftenartikel<\/div>\n            <h3><a href=\"https:\/\/normativeorders.net\/en\/publikation\/european-society-and-its-antagonists\/\">European society and its antagonists<\/a><\/h3>\n                            <p>Von Bogdandy, Armin (2026): \u201eEuropean society and its antagonists\u201c. In: Common Market Law Review, 63 (1), S. 301-314.<\/p>\n                        \n    <a class=\"box-link\" href=\"https:\/\/normativeorders.net\/en\/publikation\/european-society-and-its-antagonists\/\">more information \u203a<\/a>\n<\/div>\n            <\/div>\n        <\/div>\n\n                                    <div class=\"block-btn\">\n                        <a class=\"btn\" href=\"https:\/\/normativeorders.net\/en\/aktuelles\/\" target=\"\">Latest news<\/a>\n                    <\/div>\n                            <\/div>\n        <\/section>\n\n    \n\n    <section class=\"two-columns\">\n                                <div class=\"block-two-columns \">\n                <div class=\"box-img-wrap\">\n                                    <\/div>\n                <div class=\"box-text\">\n                    <h3>Rainer Forst awarded Goethe Plaque of the City of Frankfurt<\/h3>\n<p>On 4 September 2025, Prof. Rainer Forst, political philosopher and director of the Research Centre Normative Orders, was awarded the Goethe Plaque of the City of Frankfurt. With this award, the city honours individuals, whose academic work and\/or public activities have shaped Frankfurt and beyond.<\/p>\n                                            <a class=\"btn\" href=\"https:\/\/normativeorders.net\/en\/news\/rainer-forst-awarded-the-goethe-plakette-of-the-city-of-frankfurt-am-main\/\" target=\"\">Read more<\/a>\n                                    <\/div>\n            <\/div>\n                                <div class=\"block-two-columns block-two-columns--reverse\">\n                <div class=\"box-img-wrap\">\n                                            <div class=\"box-img\">\n                            <img decoding=\"async\" src=\"https:\/\/normativeorders.net\/wp-content\/uploads\/2025\/09\/united-nations-c-oliverdelahaye-shutterstock.jpg\" class=\"attachment-full size-full\" alt=\"\" srcset=\"https:\/\/normativeorders.net\/wp-content\/uploads\/2025\/09\/united-nations-c-oliverdelahaye-shutterstock.jpg 650w, https:\/\/normativeorders.net\/wp-content\/uploads\/2025\/09\/united-nations-c-oliverdelahaye-shutterstock-300x208.jpg 300w\" sizes=\"(max-width: 650px) 100vw, 650px\" \/>                        <\/div>\n                                    <\/div>\n                <div class=\"box-text\">\n                    <h3>New Research Program &#8220;Zeitenwenden. Normative Ordnungen im Umbruch?&#8221;<\/h3>\n<p>The Research Centre Normative Orders receives a generous funding by the Commerzbank Foundation Fund within the framework of the Stifterverband for German Science. A total of \u20ac750,000 will be made available over a period of five years. The project is set to launch this fall.<\/p>\n                                            <a class=\"btn\" href=\"https:\/\/normativeorders.net\/en\/news\/zeitenwenden-normative-ordnungen-im-umbruch\/\" target=\"\">Read more<\/a>\n                                    <\/div>\n            <\/div>\n            <\/section>\n\n\n            \n            <section class=\"press-review\">\n                <div class=\"container\">\n                                            <h2>Press<\/h2>\n                                        <div class=\"block-press-review row\">\n                                                        <div class=\"col-lg-6\">\n                                                                            <div class=\"box-item\">\n                                            <div class=\"box-date\">20. April 2026 | Bericht<\/div>\n                                            <h3><a href=\"https:\/\/normativeorders.net\/en\/press\/wider-die-ohnmacht-roemerberggespraeche-das-prinzip-trump\/\">Wider die Ohnmacht. R\u00f6merberggespr\u00e4che: Das Prinzip Trump<\/a><\/h3>\n                                                                                            <p>Die Frankfurter R\u00f6merberggespr\u00e4che widerstanden am Samstag im Schauspiel Frankfurt dem Abwehrmechanismus und widmeten sich den unbequemen Fragen nach den Gr\u00fcnden des Erfolgs eines Politikstils, der immer unverhohlener Tabubr\u00fcche begeht und die Werte- und Rechtsordnung des Westens infrage stellt. (Frankfurter Allgemeine Zeitung)<\/p>\n                                                                                        <a class=\"box-link\" href=\"https:\/\/normativeorders.net\/en\/press\/wider-die-ohnmacht-roemerberggespraeche-das-prinzip-trump\/\">zum Beitrag \u203a<\/a>\n                                        <\/div>\n                                                                            <div class=\"box-item\">\n                                            <div class=\"box-date\">19. April 2026 | Bericht<\/div>\n                                            <h3><a href=\"https:\/\/www.fr.de\/kultur\/gesellschaft\/wie-trump-und-tech-giganten-die-demokratie-bedrohen-94268715.html#google_vignette\">R\u00f6merberggespr\u00e4che: Reden \u00fcber Trump \u2013 Er tanzt auf dem Vulkan<\/a><\/h3>\n                                                                                            <p>Die R\u00f6merberggespr\u00e4che besch\u00e4ftigen sich diesmal mit dem \u201ePrinzip Donald Trump\u201c (Frankfurter Rundschau)<\/p>\n                                                                                        <a class=\"box-link\" href=\"https:\/\/www.fr.de\/kultur\/gesellschaft\/wie-trump-und-tech-giganten-die-demokratie-bedrohen-94268715.html#google_vignette\">zum Beitrag \u203a<\/a>\n                                        <\/div>\n                                                                    <\/div>\n                                                                                    <div class=\"col-lg-6\">\n                                                                            <div class=\"box-item\">\n                                            <div class=\"box-date\">19. April 2026 | Bericht<\/div>\n                                            <h3><a href=\"https:\/\/www.hessenschau.de\/gesellschaft\/hessische-unis-untersuchen-wie-jugendliche-im-netz-beeinflusst-werden-v1,uni-kassel-jugend-im-fokus-100.html\">Zwischen &#8220;Generation Antifa&#8221; und &#8220;Generation Deutschland&#8221; &#8211; Unis untersuchen, wie Jugendliche im Netz beeinflusst werden<\/a><\/h3>\n                                                                                            <p>Das Forschungsprojekt &#8220;Jugend im Fokus&#8221; verschiedener hessischer Hochschulen untersucht wie Jugendliche im Netz beeinflusst werden und befasst sich mit der Frage, wie sich junge Menschen heute gegen rechte und antidemokratische Tendenzen engagieren. Das Projekt geh\u00f6rt zum Forschungsverbund &#8220;DemoReg &#8211; Herausforderungen der Demokratie in Zeiten ihrer Regression&#8221; (HR, Hessenschau)<\/p>\n                                                                                        <a class=\"box-link\" href=\"https:\/\/www.hessenschau.de\/gesellschaft\/hessische-unis-untersuchen-wie-jugendliche-im-netz-beeinflusst-werden-v1,uni-kassel-jugend-im-fokus-100.html\">zum Beitrag \u203a<\/a>\n                                        <\/div>\n                                                                            <div class=\"box-item\">\n                                            <div class=\"box-date\">18. April 2026 | Interview<\/div>\n                                            <h3><a href=\"https:\/\/www.deutschlandfunk.de\/roemerberggespraeche-2026-der-amerikanist-johannes-voelz-zum-prinzip-donald-trump-100.html\">R\u00f6merberggespr\u00e4che 2026: Der Amerikanist Johannes V\u00f6lz zum Prinzip Donald Trump<\/a><\/h3>\n                                                                                            <p>Johannes V\u00f6lz im Interview mit Anja Reinhardt (Deutschlandfunk Kultur)<\/p>\n                                                                                        <a class=\"box-link\" href=\"https:\/\/www.deutschlandfunk.de\/roemerberggespraeche-2026-der-amerikanist-johannes-voelz-zum-prinzip-donald-trump-100.html\">zum Beitrag \u203a<\/a>\n                                        <\/div>\n                                                                    <\/div>\n                                                                        <\/div>\n                                    <\/div>\n            <\/section>\n            \n\n    <section class=\"two-columns\">\n                                <div class=\"block-two-columns block-two-columns--reverse\">\n                <div class=\"box-img-wrap\">\n                                            <div class=\"box-img\">\n                            <img decoding=\"async\" src=\"https:\/\/normativeorders.net\/wp-content\/uploads\/2024\/03\/img-content-1.jpg\" class=\"attachment-full size-full\" alt=\"\" srcset=\"https:\/\/normativeorders.net\/wp-content\/uploads\/2024\/03\/img-content-1.jpg 1440w, https:\/\/normativeorders.net\/wp-content\/uploads\/2024\/03\/img-content-1-300x200.jpg 300w, https:\/\/normativeorders.net\/wp-content\/uploads\/2024\/03\/img-content-1-1024x683.jpg 1024w, https:\/\/normativeorders.net\/wp-content\/uploads\/2024\/03\/img-content-1-768x512.jpg 768w\" sizes=\"(max-width: 1440px) 100vw, 1440px\" \/>                        <\/div>\n                                    <\/div>\n                <div class=\"box-text\">\n                    <h2>Research<\/h2>\n<p>The Research Centre Normative Orders is home to various research projects. Up-to-date information on all current and past projects can be found under Research.<\/p>\n                                            <a class=\"btn\" href=\"https:\/\/normativeorders.net\/en\/research-projects\/\" target=\"\">See all research projects<\/a>\n                                    <\/div>\n            <\/div>\n                                <div class=\"block-two-columns \">\n                <div class=\"box-img-wrap\">\n                                            <div class=\"box-img\">\n                            <img decoding=\"async\" src=\"https:\/\/normativeorders.net\/wp-content\/uploads\/2024\/11\/DSC_0007-Large.jpeg\" class=\"attachment-full size-full\" alt=\"\" srcset=\"https:\/\/normativeorders.net\/wp-content\/uploads\/2024\/11\/DSC_0007-Large.jpeg 1280w, https:\/\/normativeorders.net\/wp-content\/uploads\/2024\/11\/DSC_0007-Large-300x199.jpeg 300w, https:\/\/normativeorders.net\/wp-content\/uploads\/2024\/11\/DSC_0007-Large-1024x678.jpeg 1024w, https:\/\/normativeorders.net\/wp-content\/uploads\/2024\/11\/DSC_0007-Large-768x509.jpeg 768w\" sizes=\"(max-width: 1280px) 100vw, 1280px\" \/>                        <\/div>\n                                    <\/div>\n                <div class=\"box-text\">\n                    <h2>Publications<\/h2>\n<p>The Research Centre maintains a publication database with current publications by participating researchers. In addition, the Centre publishes a series of its own publications with Campus-Verlag. The volumes document the interdisciplinary collaboration at the Centre and are each dedicated to the examination of important topics from the Normative Orders research program.<\/p>\n                                            <a class=\"btn\" href=\"https:\/\/normativeorders.net\/en\/publikationen\/\" target=\"\">See all publications<\/a>\n                                    <\/div>\n            <\/div>\n                                <div class=\"block-two-columns block-two-columns--reverse\">\n                <div class=\"box-img-wrap\">\n                                            <div class=\"box-img\">\n                            <img decoding=\"async\" src=\"https:\/\/normativeorders.net\/wp-content\/uploads\/2024\/11\/DSC_3522-copy-Large.jpeg\" class=\"attachment-full size-full\" alt=\"\" srcset=\"https:\/\/normativeorders.net\/wp-content\/uploads\/2024\/11\/DSC_3522-copy-Large.jpeg 1280w, https:\/\/normativeorders.net\/wp-content\/uploads\/2024\/11\/DSC_3522-copy-Large-300x193.jpeg 300w, https:\/\/normativeorders.net\/wp-content\/uploads\/2024\/11\/DSC_3522-copy-Large-1024x658.jpeg 1024w, https:\/\/normativeorders.net\/wp-content\/uploads\/2024\/11\/DSC_3522-copy-Large-768x493.jpeg 768w\" sizes=\"(max-width: 1280px) 100vw, 1280px\" \/>                        <\/div>\n                                    <\/div>\n                <div class=\"box-text\">\n                    <h2>Events<\/h2>\n<p>The Research Centre Normative Orders organizes events, workshops, conferences and practical forums at Goethe University, in the city of Frankfurt and beyond. In the event calendar you will find all current and past events in the context of the work of the Research Center as well as information on how to participate.<\/p>\n                                            <a class=\"btn\" href=\"https:\/\/normativeorders.net\/en\/events\/\" target=\"\">See all events<\/a>\n                                    <\/div>\n            <\/div>\n                                <div class=\"block-two-columns \">\n                <div class=\"box-img-wrap\">\n                                            <div class=\"box-img\">\n                            <img decoding=\"async\" src=\"https:\/\/normativeorders.net\/wp-content\/uploads\/2025\/05\/no-media.jpg\" class=\"attachment-full size-full\" alt=\"\" srcset=\"https:\/\/normativeorders.net\/wp-content\/uploads\/2025\/05\/no-media.jpg 1280w, https:\/\/normativeorders.net\/wp-content\/uploads\/2025\/05\/no-media-300x192.jpg 300w, https:\/\/normativeorders.net\/wp-content\/uploads\/2025\/05\/no-media-1024x656.jpg 1024w, https:\/\/normativeorders.net\/wp-content\/uploads\/2025\/05\/no-media-768x492.jpg 768w\" sizes=\"(max-width: 1280px) 100vw, 1280px\" \/>                        <\/div>\n                                    <\/div>\n                <div class=\"box-text\">\n                    <h2>Media library<\/h2>\n<p>The Research Centre publishes video recordings of many lectures, discussions and other events, such as the well-known R\u00f6merberg Talks. You can find and watch these and other videos in our media library.<\/p>\n                                            <a class=\"btn\" href=\"https:\/\/normativeorders.net\/en\/medien\/\" target=\"\">Media library<\/a>\n                                    <\/div>\n            <\/div>\n            <\/section>\n\n\n                    <section class=\"text-categories\">\n            <div class=\"container\">\n                                    <h2>About Normative Orders<\/h2>\n                                <div class=\"block-text-categories row\">\n                                            <div class=\"col-lg-6\">\n                            <p>How do political, legal, religious or economic orders establish and change, how do power structures crystallize, how are power and life chances distributed &#8211; also on a transnational level? The researchers involved in the Research Centre Normative Orders\u00a0 reflect on these questions. The focus is on current social conflicts, in particular the just ordering of society in times of globalization, and their long history. The normative ideas that play a role in such processes and conflicts are examined. The questions are complex. This is why the Research Centre Normative Orders at Goethe University Frankfurt works on an interdisciplinary basis: from philosophy, history, political science and law to ethnology, economics, sociology and theology.<\/p>\n                        <\/div>\n                                                                <div class=\"col-lg-6\">\n                            <div class=\"list-categories\">\n                                                                                                                                                <a class=\"box-category\" href=\"https:\/\/normativeorders.net\/en\/persons\/speakers\/\" target=\"\">Speakers<\/a>\n                                                                                                                                                                                    <a class=\"box-category\" href=\"https:\/\/normativeorders.net\/en\/persons\/principal-investigators\/\" target=\"\">Principal Investigators<\/a>\n                                                                                                                                                                                    <a class=\"box-category\" href=\"https:\/\/normativeorders.net\/en\/associate-members\/\" target=\"\">Associate members<\/a>\n                                                                                                                                                                                    <a class=\"box-category\" href=\"https:\/\/normativeorders.net\/en\/publikationen\/\" target=\"\">Publications<\/a>\n                                                                                                                                                                                    <a class=\"box-category\" href=\"https:\/\/normativeorders.net\/en\/aktuelles\/job-advertisements\/\" target=\"\">Vacancies<\/a>\n                                                                                                                                                                                    <a class=\"box-category\" href=\"https:\/\/normativeorders.net\/en\/uber-uns\/our-partners\/\" target=\"\">Our partners<\/a>\n                                                                                                                                                                                    <a class=\"box-category\" href=\"https:\/\/normativeorders.net\/en\/media-reports\/\" target=\"\">Media reports<\/a>\n                                                                                                                                                                                    <a class=\"box-category\" href=\"https:\/\/normativeorders.net\/en\/events\/\" target=\"\">Events<\/a>\n                                                                                                                                                                                    <a class=\"box-category\" href=\"https:\/\/normativeorders.net\/en\/medien\/\" target=\"\">Media library<\/a>\n                                                                                                                                                                                    <a class=\"box-category\" href=\"https:\/\/normativeorders.net\/en\/persons\/office\/\" target=\"\">Office<\/a>\n                                                                                                                                                                                    <a class=\"box-category\" href=\"https:\/\/normativeorders.net\/en\/press-contact\/\" target=\"\">Press contact<\/a>\n                                                                                                                                                                                    <a class=\"box-category\" href=\"https:\/\/normativeorders.net\/en\/persons\/fellows\/\" target=\"\">Fellows<\/a>\n                                                                                                                                                                                    <a class=\"box-category\" href=\"https:\/\/normativeorders.net\/en\/equal-opportunities\/\" target=\"\">Equal oppurtunities <\/a>\n                                                                                                <\/div>\n                        <\/div>\n                                    <\/div>\n                                    <div class=\"block-btn\">\n                        <a class=\"btn\" href=\"https:\/\/normativeorders.net\/en\/uber-uns\/\" target=\"\">More about the Research Centre<\/a>\n                    <\/div>\n                            <\/div>\n        <\/section>\n    ","protected":false},"excerpt":{"rendered":"","protected":false},"author":1,"featured_media":0,"parent":0,"menu_order":0,"comment_status":"closed","ping_status":"closed","template":"","meta":{"inline_featured_image":false,"footnotes":"","_links_to":"","_links_to_target":""},"class_list":["post-36","page","type-page","status-publish","hentry"],"acf":[],"_links":{"self":[{"href":"https:\/\/normativeorders.net\/en\/wp-json\/wp\/v2\/pages\/36"}],"collection":[{"href":"https:\/\/normativeorders.net\/en\/wp-json\/wp\/v2\/pages"}],"about":[{"href":"https:\/\/normativeorders.net\/en\/wp-json\/wp\/v2\/types\/page"}],"author":[{"embeddable":true,"href":"https:\/\/normativeorders.net\/en\/wp-json\/wp\/v2\/users\/1"}],"replies":[{"embeddable":true,"href":"https:\/\/normativeorders.net\/en\/wp-json\/wp\/v2\/comments?post=36"}],"version-history":[{"count":102,"href":"https:\/\/normativeorders.net\/en\/wp-json\/wp\/v2\/pages\/36\/revisions"}],"predecessor-version":[{"id":11620,"href":"https:\/\/normativeorders.net\/en\/wp-json\/wp\/v2\/pages\/36\/revisions\/11620"}],"wp:attachment":[{"href":"https:\/\/normativeorders.net\/en\/wp-json\/wp\/v2\/media?parent=36"}],"curies":[{"name":"wp","href":"https:\/\/api.w.org\/{rel}","templated":true}]}}